{"id":987510454,"date":"2023-10-18T09:18:00","date_gmt":"2023-10-18T09:18:00","guid":{"rendered":"https:\/\/asc-languages.ch\/?page_id=987510454"},"modified":"2025-05-01T06:12:11","modified_gmt":"2025-05-01T06:12:11","slug":"get-your-caf","status":"publish","type":"page","link":"https:\/\/asc-languages.ch\/en\/obtenez-votre-caf\/","title":{"rendered":"Finance your courses with the CAF\u00a0"},"content":{"rendered":"\n[et_pb_section fb_built=\u00a0\u00bb1&Prime; custom_padding_last_edited=\u00a0\u00bbon|phone\u00a0\u00bb admin_label=\u00a0\u00bbHeader\u00a0\u00bb _builder_version=\u00a0\u00bb4.27.4&Prime; _module_preset=\u00a0\u00bbdefault\u00a0\u00bb background_enable_color=\u00a0\u00bboff\u00a0\u00bb background_image=\u00a0\u00bbhttps:\/\/asc-languages.ch\/wp-content\/uploads\/2024\/10\/people-learning-new-language-work.jpg\u00a0\u00bb custom_padding=\u00a0\u00bb19vw||0px||false|false\u00a0\u00bb custom_padding_tablet=\u00a0\u00bb19vw||0px||false|false\u00a0\u00bb custom_padding_phone=\u00a0\u00bb60vw||||false|false\u00a0\u00bb background_last_edited=\u00a0\u00bbon|phone\u00a0\u00bb background_size_phone=\u00a0\u00bbcover\u00a0\u00bb locked=\u00a0\u00bboff\u00a0\u00bb collapsed=\u00a0\u00bbon\u00a0\u00bb global_colors_info=\u00a0\u00bb{}\u00a0\u00bb][et_pb_row custom_padding_last_edited=\u00a0\u00bbon|desktop\u00a0\u00bb module_id=\u00a0\u00bbasc-histoire\u00a0\u00bb _builder_version=\u00a0\u00bb4.27.3&Prime; _module_preset=\u00a0\u00bbdefault\u00a0\u00bb background_color=\u00a0\u00bb#FFFFFF\u00a0\u00bb width=\u00a0\u00bb72%\u00a0\u00bb width_tablet=\u00a0\u00bb80%\u00a0\u00bb width_phone=\u00a0\u00bb100%\u00a0\u00bb width_last_edited=\u00a0\u00bbon|phone\u00a0\u00bb max_width=\u00a0\u00bb100%\u00a0\u00bb module_alignment=\u00a0\u00bbcenter\u00a0\u00bb min_height=\u00a0\u00bb102.8px\u00a0\u00bb custom_padding=\u00a0\u00bb28px|60px|8px|11px|false|false\u00a0\u00bb custom_padding_tablet=\u00a0\u00bb30px|30px|30px|40px|true|false\u00a0\u00bb custom_padding_phone=\u00a0\u00bb1px|20px|1px|30px|true|false\u00a0\u00bb border_radii=\u00a0\u00bboff||||\u00a0\u00bb border_color_bottom=\u00a0\u00bb#2A2F31&Prime; locked=\u00a0\u00bboff\u00a0\u00bb global_colors_info=\u00a0\u00bb{}\u00a0\u00bb][et_pb_column type=\u00a0\u00bb4_4&Prime; _builder_version=\u00a0\u00bb4.22.1&Prime; _module_preset=\u00a0\u00bbdefault\u00a0\u00bb global_colors_info=\u00a0\u00bb{}\u00a0\u00bb][et_pb_text _builder_version=\u00a0\u00bb4.27.4&Prime; _module_preset=\u00a0\u00bbe6f5f292-cba2-48c3-a692-6c9540a7d1fe\u00a0\u00bb text_font=\u00a0\u00bbSource Sans Pro|600|||||||\u00a0\u00bb text_text_color=\u00a0\u00bb#FFFFFF\u00a0\u00bb text_font_size=\u00a0\u00bb58px\u00a0\u00bb text_line_height=\u00a0\u00bb0.9em\u00a0\u00bb header_font=\u00a0\u00bbSource Sans Pro|600|||||||\u00a0\u00bb header_text_color=\u00a0\u00bb#003399&Prime; header_font_size=\u00a0\u00bb47px\u00a0\u00bb width=\u00a0\u00bb92%\u00a0\u00bb width_tablet=\u00a0\u00bb100%\u00a0\u00bb width_phone=\u00a0\u00bb101%\u00a0\u00bb width_last_edited=\u00a0\u00bbon|phone\u00a0\u00bb max_width_tablet=\u00a0\u00bb100%\u00a0\u00bb max_width_phone=\u00a0\u00bb100%\u00a0\u00bb max_width_last_edited=\u00a0\u00bbon|phone\u00a0\u00bb module_alignment=\u00a0\u00bbcenter\u00a0\u00bb custom_margin=\u00a0\u00bb|||-15px||\u00a0\u00bb custom_margin_tablet=\u00a0\u00bb|||-15px||\u00a0\u00bb custom_margin_phone=\u00a0\u00bb29px|||-15px|false|false\u00a0\u00bb custom_margin_last_edited=\u00a0\u00bbon|phone\u00a0\u00bb text_font_size_tablet=\u00a0\u00bb58px\u00a0\u00bb text_font_size_phone=\u00a0\u00bb30px\u00a0\u00bb text_font_size_last_edited=\u00a0\u00bbon|phone\u00a0\u00bb header_font_size_tablet=\u00a0\u00bb47px\u00a0\u00bb header_font_size_phone=\u00a0\u00bb30px\u00a0\u00bb header_font_size_last_edited=\u00a0\u00bbon|phone\u00a0\u00bb global_colors_info=\u00a0\u00bb{}\u00a0\u00bb]<h1>Obtenez votre CAF \u00e0 Gen\u00e8ve<\/h1>\n<h1><\/h1>[\/et_pb_text][\/et_pb_column][\/et_pb_row][\/et_pb_section][et_pb_section fb_built=\u00a0\u00bb1&Prime; admin_label=\u00a0\u00bbAbout\u00a0\u00bb _builder_version=\u00a0\u00bb4.19.1&Prime; _module_preset=\u00a0\u00bbdefault\u00a0\u00bb custom_padding=\u00a0\u00bb||19px|||\u00a0\u00bb collapsed=\u00a0\u00bbon\u00a0\u00bb global_colors_info=\u00a0\u00bb{}\u00a0\u00bb][et_pb_row column_structure=\u00a0\u00bb1_2,1_2&Prime; module_id=\u00a0\u00bbasc-histoire\u00a0\u00bb _builder_version=\u00a0\u00bb4.27.2&Prime; _module_preset=\u00a0\u00bbdefault\u00a0\u00bb width=\u00a0\u00bb63%\u00a0\u00bb max_width=\u00a0\u00bb90%\u00a0\u00bb max_width_tablet=\u00a0\u00bb61%\u00a0\u00bb max_width_phone=\u00a0\u00bb88%\u00a0\u00bb max_width_last_edited=\u00a0\u00bbon|phone\u00a0\u00bb module_alignment=\u00a0\u00bbcenter\u00a0\u00bb custom_margin=\u00a0\u00bb|auto|90px|318px|false|false\u00a0\u00bb custom_margin_tablet=\u00a0\u00bb|auto||243px|false|false\u00a0\u00bb custom_margin_phone=\u00a0\u00bb|||10px|false|false\u00a0\u00bb custom_margin_last_edited=\u00a0\u00bbon|phone\u00a0\u00bb custom_padding=\u00a0\u00bb10px|0px|12px|||\u00a0\u00bb hover_enabled=\u00a0\u00bb0&Prime; module_alignment_tablet=\u00a0\u00bbcenter\u00a0\u00bb module_alignment_phone=\u00a0\u00bbcenter\u00a0\u00bb module_alignment_last_edited=\u00a0\u00bbon|phone\u00a0\u00bb border_color_bottom=\u00a0\u00bb#2A2F31&Prime; global_colors_info=\u00a0\u00bb{}\u00a0\u00bb sticky_enabled=\u00a0\u00bb0&Prime;][et_pb_column type=\u00a0\u00bb1_2&Prime; _builder_version=\u00a0\u00bb4.24.2&Prime; _module_preset=\u00a0\u00bbdefault\u00a0\u00bb background_enable_image=\u00a0\u00bboff\u00a0\u00bb background_blend=\u00a0\u00bbmultiply\u00a0\u00bb global_colors_info=\u00a0\u00bb{}\u00a0\u00bb][et_pb_text ul_type=\u00a0\u00bbcircle\u00a0\u00bb ul_position=\u00a0\u00bbinside\u00a0\u00bb _builder_version=\u00a0\u00bb4.27.4&Prime; _module_preset=\u00a0\u00bb99614281-f1b6-4918-a7ce-825e75faa242&Prime; text_font=\u00a0\u00bbSource Sans Pro||||||||\u00a0\u00bb text_text_color=\u00a0\u00bb#2A2F31&Prime; text_font_size=\u00a0\u00bb18px\u00a0\u00bb ul_font=\u00a0\u00bbSource Sans Pro||||||||\u00a0\u00bb header_2_text_color=\u00a0\u00bb#2A2F31&Prime; header_2_font_size=\u00a0\u00bb30px\u00a0\u00bb header_2_line_height=\u00a0\u00bb1.1em\u00a0\u00bb width=\u00a0\u00bb100%\u00a0\u00bb custom_margin=\u00a0\u00bb0px||||false|false\u00a0\u00bb hover_enabled=\u00a0\u00bb0&Prime; header_2_font_size_phone=\u00a0\u00bb26px\u00a0\u00bb global_colors_info=\u00a0\u00bb{}\u00a0\u00bb sticky_enabled=\u00a0\u00bb0&Prime;]<p><span style=\"font-weight: 400;\">Le Ch\u00e8que Annuel de Formation (CAF) repr\u00e9sente une opportunit\u00e9 exceptionnelle pour financer vos cours de langues chez ASC Languages. Que votre objectif soit d&rsquo;apprendre le fran\u00e7ais, l&rsquo;allemand ou l&rsquo;anglais, le CAF Gen\u00e8ve offre une aide financi\u00e8re destin\u00e9e \u00e0 ceux qui cherchent \u00e0 d\u00e9velopper des comp\u00e9tences utiles sur le plan professionnel.<\/span><\/p>\n<h2><span style=\"font-weight: 400;\">Pourquoi utiliser le CAF pour votre cours de langue ?<\/span><\/h2>\n<p><span style=\"font-weight: 400;\">Ce dispositif de soutien financier, sp\u00e9cifiquement con\u00e7u pour les r\u00e9sidents genevois ou les frontaliers, est id\u00e9al pour suivre des formations visant \u00e0 am\u00e9liorer vos comp\u00e9tences professionnelles. En utilisant le CAF Gen\u00e8ve pour financer votre cours de langue chez ASC Languages, vous pourrez non seulement augmenter vos comp\u00e9tences linguistiques mais aussi \u00e9largir vos perspectives professionnelles gr\u00e2ce \u00e0 une meilleure ma\u00eetrise de la langue.<\/span><\/p>\n<p>&nbsp;<\/p>\n<h3><span style=\"font-weight: 400;\">Formations en langues \u00e9ligibles au CAF Gen\u00e8ve chez ASC Languages<\/span><\/h3>\n<p><span style=\"font-weight: 400;\">Les cours propos\u00e9s par ASC Languages sont pleinement \u00e9ligibles au CAF Gen\u00e8ve. Nous offrons une vaste gamme de cours adapt\u00e9s \u00e0 tous les niveaux et objectifs, que vous soyez d\u00e9butant ou cherchiez \u00e0 ma\u00eetriser une langue pour des raisons professionnelles.<\/span><\/p>[\/et_pb_text][et_pb_toggle title=\u00a0\u00bbConditions d&rsquo;\u00e9ligibilit\u00e9 au CAF Gen\u00e8ve\u00a0\u00bb open_toggle_text_color=\u00a0\u00bb#2A2F31&Prime; closed_toggle_text_color=\u00a0\u00bb#2A2F31&Prime; icon_color=\u00a0\u00bb#003399&Prime; open_icon_color=\u00a0\u00bb#003399&Prime; _builder_version=\u00a0\u00bb4.27.2&Prime; _module_preset=\u00a0\u00bbdefault\u00a0\u00bb title_text_color=\u00a0\u00bb#2A2F31&Prime; title_level=\u00a0\u00bbh3&Prime; title_font=\u00a0\u00bbSource Sans Pro||||||||\u00a0\u00bb title_font_size=\u00a0\u00bb19px\u00a0\u00bb closed_title_font=\u00a0\u00bbSource Sans Pro||||||||\u00a0\u00bb closed_title_font_size=\u00a0\u00bb19px\u00a0\u00bb body_text_color=\u00a0\u00bb#2A2F31&Prime; body_font_size=\u00a0\u00bb15px\u00a0\u00bb border_radii=\u00a0\u00bbon|12px|12px|12px|12px\u00a0\u00bb global_colors_info=\u00a0\u00bb{}\u00a0\u00bb]<p><span style=\"font-weight: 400;\">Pour b\u00e9n\u00e9ficier du Ch\u00e8que Annuel de Formation, vous devez r\u00e9pondre \u00e0 plusieurs crit\u00e8res :<\/span><\/p>\n<p><span style=\"font-weight: 400;\">&#8211; <strong>\u00c2ge<\/strong> : \u00catre \u00e2g\u00e9 de 18 ans ou plus au moment de la demande.<\/span><\/p>\n<p><span style=\"font-weight: 400;\">&#8211; <strong>R\u00e9sidence<\/strong> :R\u00e9sider et payer des imp\u00f4ts dans le canton de Gen\u00e8ve ou, si vous \u00eates frontalier, travailler dans le canton depuis au moins un an.<\/span><\/p>\n<p><span style=\"font-weight: 400;\">&#8211; <strong>Revenus<\/strong> : Votre revenu doit \u00eatre inf\u00e9rieur \u00e0 un seuil sp\u00e9cifi\u00e9, variable selon votre situation familiale.<\/span><\/p>\n<p>&nbsp;<\/p>[\/et_pb_toggle][et_pb_toggle title=\u00a0\u00bbProcessus d&rsquo;inscription au CAF Gen\u00e8ve\u00a0\u00bb open_toggle_text_color=\u00a0\u00bb#2A2F31&Prime; closed_toggle_text_color=\u00a0\u00bb#2A2F31&Prime; icon_color=\u00a0\u00bb#003399&Prime; open_icon_color=\u00a0\u00bb#003399&Prime; _builder_version=\u00a0\u00bb4.27.4&Prime; _module_preset=\u00a0\u00bbdefault\u00a0\u00bb title_text_color=\u00a0\u00bb#2A2F31&Prime; title_level=\u00a0\u00bbh3&Prime; title_font=\u00a0\u00bbSource Sans Pro||||||||\u00a0\u00bb title_font_size=\u00a0\u00bb19px\u00a0\u00bb closed_title_font=\u00a0\u00bbSource Sans Pro||||||||\u00a0\u00bb closed_title_font_size=\u00a0\u00bb19px\u00a0\u00bb body_text_color=\u00a0\u00bb#2A2F31&Prime; body_font_size=\u00a0\u00bb15px\u00a0\u00bb hover_enabled=\u00a0\u00bb0&Prime; border_radii=\u00a0\u00bbon|12px|12px|12px|12px\u00a0\u00bb global_colors_info=\u00a0\u00bb{}\u00a0\u00bb sticky_enabled=\u00a0\u00bb0&Prime;]<p><span style=\"font-weight: 400;\">Pour b\u00e9n\u00e9ficier d&rsquo;un CAF destin\u00e9 \u00e0 financer un cours chez ASC Languages, suivez ces \u00e9tapes simples :<\/span><\/p>\n<ol>\n<li><span style=\"font-weight: 400;\"> Choisissez le cours de langue chez ASC Languages qui correspond \u00e0 vos besoins (tableau \u00e0 droite).<\/span><\/li>\n<li><span style=\"font-weight: 400;\"> Notez le num\u00e9ro de r\u00e9f\u00e9rence du cours, n\u00e9cessaire pour votre demande.<\/span><\/li>\n<li><span style=\"font-weight: 400;\"> Acc\u00e9dez au site web du canton de Gen\u00e8ve d\u00e9di\u00e9 au CAF <a href=\"https:\/\/ge.ch\/socialcafcatalogue\/explore\/\">https:\/\/ge.ch\/socialcafcatalogue\/explore\/<\/a> et suivez les instructions d\u00e9taill\u00e9es pour soumettre votre demande.<\/span><\/li>\n<\/ol>\n<h3><span style=\"font-weight: 400;\">Pourquoi choisir ASC Languages pour votre cours de langue avec le CAF Gen\u00e8ve ?<\/span><\/h3>\n<p><span style=\"font-weight: 400;\">En choisissant ASC Languages, vous b\u00e9n\u00e9ficiez de :<\/span><\/p>\n<p><span style=\"font-weight: 400;\">&#8211; <strong>Un enseignement de haute qualit\u00e9<\/strong> : Nos m\u00e9thodes p\u00e9dagogiques communicatives permettent une pratique active et efficace de la langue.<\/span><\/p>\n<p><span style=\"font-weight: 400;\">&#8211; <strong>Un accompagnement personnalis\u00e9<\/strong> : Nos formateurs exp\u00e9riment\u00e9s sont attentifs \u00e0 vos besoins et vous guident tout au long de votre formation.<\/span><\/p>\n<p><span style=\"font-weight: 400;\">&#8211; <strong>Une immersion culturelle riche<\/strong> : Les cours se d\u00e9roulent dans un environnement multiculturel, favorisant des interactions enrichissantes.<\/span><\/p>[\/et_pb_toggle][\/et_pb_column][et_pb_column type=\u00a0\u00bb1_2&Prime; _builder_version=\u00a0\u00bb4.24.2&Prime; _module_preset=\u00a0\u00bbdefault\u00a0\u00bb background_enable_image=\u00a0\u00bboff\u00a0\u00bb background_blend=\u00a0\u00bbmultiply\u00a0\u00bb global_colors_info=\u00a0\u00bb{}\u00a0\u00bb][et_pb_text _builder_version=\u00a0\u00bb4.27.4&Prime; _module_preset=\u00a0\u00bbdefault\u00a0\u00bb hover_enabled=\u00a0\u00bb0&Prime; global_colors_info=\u00a0\u00bb{}\u00a0\u00bb sticky_enabled=\u00a0\u00bb0&Prime;]<table border=\"1\" height=\"28\" style=\"height: 35px; background-color: #d6d6d6;\" width=\"507\">\n<tbody>\n<tr style=\"height: 24px;\">\n<td style=\"width: 116.234px;\">R\u00e9f<\/td>\n<td style=\"width: 374.766px;\">Cours \u00e9ligible CAF<\/td>\n<\/tr>\n<\/tbody>\n<\/table>\n<table border=\"1\" style=\"height: 792px; width: 507px;\">\n<tbody>\n<tr style=\"height: 24px;\">\n<td style=\"width: 107.883px; height: 24px;\">0861<\/td>\n<td style=\"width: 383.117px; height: 24px;\">Cours d&rsquo;anglais du soir A1 \u00e0 C1<\/td>\n<\/tr>\n<tr style=\"height: 48px;\">\n<td style=\"width: 107.883px; height: 48px;\">0862<\/td>\n<td style=\"width: 383.117px; height: 48px;\">Cours d&rsquo;anglais du soir B2 pr\u00e9paration au FCE First<\/td>\n<\/tr>\n<tr style=\"height: 48px;\">\n<td style=\"width: 107.883px; height: 48px;\">0863<\/td>\n<td style=\"width: 383.117px; height: 48px;\">Cours d&rsquo;anglais C1 du soir pr\u00e9paration au CAE Advanced<\/td>\n<\/tr>\n<tr style=\"height: 48px;\">\n<td style=\"width: 107.883px; height: 48px;\">0864<\/td>\n<td style=\"width: 383.117px; height: 48px;\">Cours d&rsquo;anglais du soir C2 pr\u00e9paration au CPE Proficiency<\/td>\n<\/tr>\n<tr style=\"height: 48px;\">\n<td style=\"width: 107.883px; height: 48px;\">0870<\/td>\n<td style=\"width: 383.117px; height: 48px;\">Cours de fran\u00e7ais A1 \u00e0 C1 intensif \u00e9crit<\/td>\n<\/tr>\n<tr style=\"height: 48px;\">\n<td style=\"width: 107.883px; height: 48px;\">0872<\/td>\n<td style=\"width: 383.117px; height: 48px;\">Cours priv\u00e9 d&rsquo;anglais+ travaux dirig\u00e9s A1 \u00e0 A2<\/td>\n<\/tr>\n<tr style=\"height: 48px;\">\n<td style=\"width: 107.883px; height: 48px;\">0873<\/td>\n<td style=\"width: 383.117px; height: 48px;\">Cours priv\u00e9 d&rsquo;allemand + travaux dirig\u00e9s A1 \u00e0 C2<\/td>\n<\/tr>\n<tr style=\"height: 48px;\">\n<td style=\"width: 107.883px; height: 48px;\">0874<\/td>\n<td style=\"width: 383.117px; height: 48px;\">Cours priv\u00e9 de fran\u00e7ais + travaux dirig\u00e9s A1 \u00e0 C2<\/td>\n<\/tr>\n<tr style=\"height: 24px;\">\n<td style=\"width: 107.883px; height: 24px;\">2176<\/td>\n<td style=\"width: 383.117px; height: 24px;\">Cours de fran\u00e7ais du soir A1 \u00e0 C1<\/td>\n<\/tr>\n<tr style=\"height: 48px;\">\n<td style=\"width: 107.883px; height: 48px;\">3036<\/td>\n<td style=\"width: 383.117px; height: 48px;\">Cours de fran\u00e7ais du soir B2 pr\u00e9paration du DELF B2<\/td>\n<\/tr>\n<tr style=\"height: 48px;\">\n<td style=\"width: 107.883px; height: 48px;\">3669<\/td>\n<td style=\"width: 383.117px; height: 48px;\">Cours d&rsquo;anglais A1 \u00e0 C1 intensif 11<\/td>\n<\/tr>\n<tr style=\"height: 48px;\">\n<td style=\"width: 107.883px; height: 48px;\">3672<\/td>\n<td style=\"width: 383.117px; height: 48px;\">Cours danglais professionnel du soir B1\/B2<\/td>\n<\/tr>\n<tr style=\"height: 48px;\">\n<td style=\"width: 107.883px; height: 48px;\">3673<\/td>\n<td style=\"width: 383.117px; height: 48px;\">Cours de fran\u00e7ais A1 \u00e0 C1 intensif 12<\/td>\n<\/tr>\n<tr style=\"height: 48px;\">\n<td style=\"width: 107.883px; height: 48px;\">3701<\/td>\n<td style=\"width: 383.117px; height: 48px;\">Cours de francais du soir B1 pr\u00e9paration au DELF B1<\/td>\n<\/tr>\n<tr style=\"height: 48px;\">\n<td style=\"width: 107.883px; height: 48px;\">3702<\/td>\n<td style=\"width: 383.117px; height: 48px;\">Cours de fran\u00e7ais du soir C1 pr\u00e9paration examen DALF C1<\/td>\n<\/tr>\n<tr style=\"height: 48px;\">\n<td style=\"width: 107.883px; height: 48px;\">3911<\/td>\n<td style=\"width: 383.117px; height: 48px;\">Cours d&rsquo;allemand B1 \u00e0 B2 intensif 11<\/td>\n<\/tr>\n<\/tbody>\n<\/table>[\/et_pb_text][\/et_pb_column][\/et_pb_row][\/et_pb_section][et_pb_section fb_built=\u00a0\u00bb1&Prime; admin_label=\u00a0\u00bbAbout\u00a0\u00bb _builder_version=\u00a0\u00bb4.27.2&Prime; _module_preset=\u00a0\u00bbdefault\u00a0\u00bb background_color=\u00a0\u00bb#e2e5e0&Prime; custom_padding=\u00a0\u00bb35px||52px|||\u00a0\u00bb collapsed=\u00a0\u00bbon\u00a0\u00bb global_colors_info=\u00a0\u00bb{}\u00a0\u00bb][et_pb_row column_structure=\u00a0\u00bb1_2,1_2&Prime; use_custom_gutter=\u00a0\u00bbon\u00a0\u00bb gutter_width=\u00a0\u00bb1&Prime; make_equal=\u00a0\u00bbon\u00a0\u00bb module_id=\u00a0\u00bbasc-histoire\u00a0\u00bb _builder_version=\u00a0\u00bb4.27.2&Prime; _module_preset=\u00a0\u00bbdefault\u00a0\u00bb background_enable_color=\u00a0\u00bboff\u00a0\u00bb width=\u00a0\u00bb100%\u00a0\u00bb max_width=\u00a0\u00bb63%\u00a0\u00bb max_width_tablet=\u00a0\u00bb61%\u00a0\u00bb max_width_phone=\u00a0\u00bb88%\u00a0\u00bb max_width_last_edited=\u00a0\u00bbon|phone\u00a0\u00bb module_alignment=\u00a0\u00bbcenter\u00a0\u00bb custom_margin=\u00a0\u00bb|auto||318px|false|false\u00a0\u00bb custom_margin_tablet=\u00a0\u00bb|auto||243px|false|false\u00a0\u00bb custom_margin_phone=\u00a0\u00bb94px|auto||10px|false|false\u00a0\u00bb custom_margin_last_edited=\u00a0\u00bbon|phone\u00a0\u00bb custom_padding=\u00a0\u00bb|17px|0px|17px|false|true\u00a0\u00bb module_alignment_tablet=\u00a0\u00bbcenter\u00a0\u00bb module_alignment_phone=\u00a0\u00bbcenter\u00a0\u00bb module_alignment_last_edited=\u00a0\u00bbon|phone\u00a0\u00bb border_radii=\u00a0\u00bboff|||15px|15px\u00a0\u00bb border_color_bottom=\u00a0\u00bb#2A2F31&Prime; global_colors_info=\u00a0\u00bb{}\u00a0\u00bb][et_pb_column type=\u00a0\u00bb1_2&Prime; _builder_version=\u00a0\u00bb4.24.2&Prime; _module_preset=\u00a0\u00bbdefault\u00a0\u00bb background_enable_image=\u00a0\u00bboff\u00a0\u00bb background_blend=\u00a0\u00bbmultiply\u00a0\u00bb global_colors_info=\u00a0\u00bb{}\u00a0\u00bb][et_pb_image src=\u00a0\u00bbhttps:\/\/asc-languages.ch\/wp-content\/uploads\/2024\/10\/caf-a-geneve-avec-asc.png\u00a0\u00bb alt=\u00a0\u00bbfide test geneve\u00a0\u00bb title_text=\u00a0\u00bbcaf-a\u0300-geneve-avec-asc\u00a0\u00bb _builder_version=\u00a0\u00bb4.27.2&Prime; _module_preset=\u00a0\u00bbdefault\u00a0\u00bb width=\u00a0\u00bb55%\u00a0\u00bb module_alignment=\u00a0\u00bbcenter\u00a0\u00bb global_colors_info=\u00a0\u00bb{}\u00a0\u00bb][\/et_pb_image][\/et_pb_column][et_pb_column type=\u00a0\u00bb1_2&Prime; _builder_version=\u00a0\u00bb4.24.2&Prime; _module_preset=\u00a0\u00bbdefault\u00a0\u00bb background_enable_image=\u00a0\u00bboff\u00a0\u00bb background_blend=\u00a0\u00bbmultiply\u00a0\u00bb global_colors_info=\u00a0\u00bb{}\u00a0\u00bb][et_pb_text _builder_version=\u00a0\u00bb4.27.2&Prime; _module_preset=\u00a0\u00bbdefault\u00a0\u00bb text_font=\u00a0\u00bbSource Sans Pro||||||||\u00a0\u00bb text_text_color=\u00a0\u00bb#2A2F31&Prime; text_font_size=\u00a0\u00bb18px\u00a0\u00bb text_line_height=\u00a0\u00bb1.8em\u00a0\u00bb width=\u00a0\u00bb100%\u00a0\u00bb custom_margin=\u00a0\u00bb134px||||false|false\u00a0\u00bb global_colors_info=\u00a0\u00bb{}\u00a0\u00bb]<p><span style=\"font-weight: 400;\">Le Ch\u00e8que Annuel de Formation est un avantage significatif pour les r\u00e9sidents de Gen\u00e8ve d\u00e9sireux de progresser dans leur carri\u00e8re gr\u00e2ce \u00e0 l&rsquo;apprentissage des langues. Si vous remplissez les conditions d\u2019\u00e9ligibilit\u00e9 du CAF Gen\u00e8ve, n\u2019h\u00e9sitez pas \u00e0 saisir cette opportunit\u00e9 pour financer votre formation linguistique chez ASC Languages et ainsi booster vos comp\u00e9tences professionnelles et personnelles.<\/span><\/p>[\/et_pb_text][\/et_pb_column][\/et_pb_row][\/et_pb_section][et_pb_section fb_built=\u00a0\u00bb1&Prime; custom_padding_last_edited=\u00a0\u00bbon|phone\u00a0\u00bb admin_label=\u00a0\u00bbFooter\u00a0\u00bb _builder_version=\u00a0\u00bb4.27.2&Prime; _module_preset=\u00a0\u00bbdefault\u00a0\u00bb background_color=\u00a0\u00bb#2A2F31&Prime; custom_margin=\u00a0\u00bb-11px|||||\u00a0\u00bb custom_margin_tablet=\u00a0\u00bb\u00a0\u00bb custom_margin_phone=\u00a0\u00bb||0px||false|false\u00a0\u00bb custom_margin_last_edited=\u00a0\u00bbon|phone\u00a0\u00bb custom_padding=\u00a0\u00bb2px|||||\u00a0\u00bb custom_padding_tablet=\u00a0\u00bb0px|||||\u00a0\u00bb custom_padding_phone=\u00a0\u00bb4px||0px||false|false\u00a0\u00bb global_module=\u00a0\u00bb987510279&Prime; saved_tabs=\u00a0\u00bball\u00a0\u00bb collapsed=\u00a0\u00bbon\u00a0\u00bb global_colors_info=\u00a0\u00bb{}\u00a0\u00bb][et_pb_row column_structure=\u00a0\u00bb1_3,1_3,1_3&Prime; _builder_version=\u00a0\u00bb4.27.3&Prime; _module_preset=\u00a0\u00bbdefault\u00a0\u00bb width_tablet=\u00a0\u00bb70%\u00a0\u00bb width_phone=\u00a0\u00bb90%\u00a0\u00bb width_last_edited=\u00a0\u00bbon|phone\u00a0\u00bb max_width=\u00a0\u00bb100%\u00a0\u00bb max_width_tablet=\u00a0\u00bb\u00a0\u00bb max_width_phone=\u00a0\u00bb\u00a0\u00bb max_width_last_edited=\u00a0\u00bbon|tablet\u00a0\u00bb global_colors_info=\u00a0\u00bb{}\u00a0\u00bb][et_pb_column type=\u00a0\u00bb1_3&Prime; _builder_version=\u00a0\u00bb4.19.1&Prime; _module_preset=\u00a0\u00bbdefault\u00a0\u00bb global_colors_info=\u00a0\u00bb{}\u00a0\u00bb][et_pb_image src=\u00a0\u00bbhttps:\/\/asc-languages.ch\/wp-content\/uploads\/2024\/10\/ASC-logo-white.png\u00a0\u00bb title_text=\u00a0\u00bbASC-logo-white\u00a0\u00bb url=\u00a0\u00bbhttps:\/\/asc-languages.ch\/\u00a0\u00bb align_tablet=\u00a0\u00bbcenter\u00a0\u00bb align_phone=\u00a0\u00bbcenter\u00a0\u00bb align_last_edited=\u00a0\u00bbon|tablet\u00a0\u00bb _builder_version=\u00a0\u00bb4.27.3&Prime; _module_preset=\u00a0\u00bbdefault\u00a0\u00bb width=\u00a0\u00bb58%\u00a0\u00bb width_tablet=\u00a0\u00bb40%\u00a0\u00bb width_phone=\u00a0\u00bb78%\u00a0\u00bb width_last_edited=\u00a0\u00bbon|tablet\u00a0\u00bb module_alignment=\u00a0\u00bbcenter\u00a0\u00bb custom_margin=\u00a0\u00bb25px||||false|false\u00a0\u00bb global_colors_info=\u00a0\u00bb{}\u00a0\u00bb][\/et_pb_image][\/et_pb_column][et_pb_column type=\u00a0\u00bb1_3&Prime; _builder_version=\u00a0\u00bb4.19.1&Prime; _module_preset=\u00a0\u00bbdefault\u00a0\u00bb global_colors_info=\u00a0\u00bb{}\u00a0\u00bb][et_pb_text _builder_version=\u00a0\u00bb4.27.2&Prime; _module_preset=\u00a0\u00bb_initial\u00a0\u00bb text_font=\u00a0\u00bbSource Sans Pro|600|||||||\u00a0\u00bb text_text_color=\u00a0\u00bb#FFFFFF\u00a0\u00bb text_font_size=\u00a0\u00bb20px\u00a0\u00bb text_line_height=\u00a0\u00bb1.9em\u00a0\u00bb header_4_text_color=\u00a0\u00bb#FFFFFF\u00a0\u00bb custom_margin=\u00a0\u00bb||6px|||\u00a0\u00bb custom_padding=\u00a0\u00bb20px||||false|false\u00a0\u00bb border_color_all=\u00a0\u00bbrgba(255,255,255,0.2)\u00a0\u00bb global_colors_info=\u00a0\u00bb{}\u00a0\u00bb]<p>Explorez<\/p>[\/et_pb_text][et_pb_text _builder_version=\u00a0\u00bb4.27.3&Prime; _module_preset=\u00a0\u00bb_initial\u00a0\u00bb text_text_color=\u00a0\u00bb#FFFFFF\u00a0\u00bb link_text_color=\u00a0\u00bb#FFFFFF\u00a0\u00bb custom_margin=\u00a0\u00bb||10px||false|false\u00a0\u00bb global_colors_info=\u00a0\u00bb{}\u00a0\u00bb]<p><a href=\"https:\/\/asc-languages.ch\/rejoindre-lequipe-asc\/\">Rejoindre l&rsquo;\u00e9quipe ASC<\/a><\/p>[\/et_pb_text][et_pb_text _builder_version=\u00a0\u00bb4.27.4&Prime; _module_preset=\u00a0\u00bb_initial\u00a0\u00bb text_text_color=\u00a0\u00bb#FFFFFF\u00a0\u00bb link_text_color=\u00a0\u00bb#FFFFFF\u00a0\u00bb custom_margin=\u00a0\u00bb||10px||false|false\u00a0\u00bb global_colors_info=\u00a0\u00bb{}\u00a0\u00bb]<p><a href=\"https:\/\/asc-languages.ch\/obtenez-votre-caf\/\">Aide au financement des cours<\/a><\/p>[\/et_pb_text][et_pb_text _builder_version=\u00a0\u00bb4.27.3&Prime; _module_preset=\u00a0\u00bb_initial\u00a0\u00bb text_text_color=\u00a0\u00bb#FFFFFF\u00a0\u00bb link_text_color=\u00a0\u00bb#FFFFFF\u00a0\u00bb custom_margin=\u00a0\u00bb||10px||false|false\u00a0\u00bb global_colors_info=\u00a0\u00bb{}\u00a0\u00bb]<p><a href=\"https:\/\/asc-languages.ch\/qui-sommes-nous\/\">La r\u00e9putation de ASC<\/a><\/p>[\/et_pb_text][et_pb_text _builder_version=\u00a0\u00bb4.27.4&Prime; _module_preset=\u00a0\u00bb_initial\u00a0\u00bb text_text_color=\u00a0\u00bb#FFFFFF\u00a0\u00bb link_text_color=\u00a0\u00bb#FFFFFF\u00a0\u00bb custom_margin=\u00a0\u00bb||10px||false|false\u00a0\u00bb global_colors_info=\u00a0\u00bb{}\u00a0\u00bb]<p><a href=\"#\">News<\/a><\/p>[\/et_pb_text][et_pb_text _builder_version=\u00a0\u00bb4.27.2&Prime; _module_preset=\u00a0\u00bb_initial\u00a0\u00bb text_font=\u00a0\u00bbSource Sans Pro|600|||||||\u00a0\u00bb text_text_color=\u00a0\u00bb#FFFFFF\u00a0\u00bb text_font_size=\u00a0\u00bb20px\u00a0\u00bb text_line_height=\u00a0\u00bb1.9em\u00a0\u00bb header_4_text_color=\u00a0\u00bb#FFFFFF\u00a0\u00bb custom_margin=\u00a0\u00bb||6px|||\u00a0\u00bb custom_padding=\u00a0\u00bb20px||||false|false\u00a0\u00bb border_color_all=\u00a0\u00bbrgba(255,255,255,0.2)\u00a0\u00bb border_width_top=\u00a0\u00bb1px\u00a0\u00bb locked=\u00a0\u00bboff\u00a0\u00bb global_colors_info=\u00a0\u00bb{}\u00a0\u00bb]<p>Support<\/p>[\/et_pb_text][et_pb_text _builder_version=\u00a0\u00bb4.27.4&Prime; _module_preset=\u00a0\u00bb_initial\u00a0\u00bb text_text_color=\u00a0\u00bb#FFFFFF\u00a0\u00bb link_text_color=\u00a0\u00bb#FFFFFF\u00a0\u00bb custom_margin=\u00a0\u00bb||10px||false|false\u00a0\u00bb locked=\u00a0\u00bboff\u00a0\u00bb global_colors_info=\u00a0\u00bb{}\u00a0\u00bb]<p><a href=\"https:\/\/asc-languages.ch\/contact-asc-languages\/\">Formulaire de contact<\/a><\/p>[\/et_pb_text][et_pb_text _builder_version=\u00a0\u00bb4.27.3&Prime; _module_preset=\u00a0\u00bb_initial\u00a0\u00bb text_text_color=\u00a0\u00bb#FFFFFF\u00a0\u00bb link_text_color=\u00a0\u00bb#FFFFFF\u00a0\u00bb custom_margin=\u00a0\u00bb||10px||false|false\u00a0\u00bb locked=\u00a0\u00bboff\u00a0\u00bb global_colors_info=\u00a0\u00bb{}\u00a0\u00bb]<p><a href=\"https:\/\/asc-languages.ch\/contact-asc-languages\/#ecoles\">O\u00f9 se trouvent les \u00e9coles ASC ?<\/a><\/p>[\/et_pb_text][et_pb_text _builder_version=\u00a0\u00bb4.27.4&Prime; _module_preset=\u00a0\u00bb_initial\u00a0\u00bb text_text_color=\u00a0\u00bb#FFFFFF\u00a0\u00bb link_text_color=\u00a0\u00bb#FFFFFF\u00a0\u00bb custom_margin=\u00a0\u00bb||10px||false|false\u00a0\u00bb locked=\u00a0\u00bboff\u00a0\u00bb global_colors_info=\u00a0\u00bb{}\u00a0\u00bb]<p><a href=\"https:\/\/asc-languages.ch\/contact-asc-languages\/\">Horaires d&rsquo;ouverture<\/a><\/p>[\/et_pb_text][\/et_pb_column][et_pb_column type=\u00a0\u00bb1_3&Prime; _builder_version=\u00a0\u00bb4.19.1&Prime; _module_preset=\u00a0\u00bbdefault\u00a0\u00bb global_colors_info=\u00a0\u00bb{}\u00a0\u00bb][et_pb_text _builder_version=\u00a0\u00bb4.27.2&Prime; _module_preset=\u00a0\u00bb_initial\u00a0\u00bb text_font=\u00a0\u00bbSource Sans Pro|600|||||||\u00a0\u00bb text_text_color=\u00a0\u00bb#FFFFFF\u00a0\u00bb text_font_size=\u00a0\u00bb20px\u00a0\u00bb text_line_height=\u00a0\u00bb1.9em\u00a0\u00bb header_4_text_color=\u00a0\u00bb#FFFFFF\u00a0\u00bb custom_margin=\u00a0\u00bb||6px|||\u00a0\u00bb custom_padding=\u00a0\u00bb20px||||false|false\u00a0\u00bb border_color_all=\u00a0\u00bbrgba(255,255,255,0.2)\u00a0\u00bb global_colors_info=\u00a0\u00bb{}\u00a0\u00bb]<p>Cours de langues<\/p>[\/et_pb_text][et_pb_text _builder_version=\u00a0\u00bb4.27.3&Prime; _module_preset=\u00a0\u00bb_initial\u00a0\u00bb text_text_color=\u00a0\u00bb#FFFFFF\u00a0\u00bb link_text_color=\u00a0\u00bb#FFFFFF\u00a0\u00bb custom_margin=\u00a0\u00bb||10px||false|false\u00a0\u00bb global_colors_info=\u00a0\u00bb{}\u00a0\u00bb]<p><a href=\"https:\/\/asc-languages.ch\/languages-courses-at-asc\/?_type_de_cours=cours-individuel\">Cours de langues personnalis\u00e9s<\/a><\/p>[\/et_pb_text][et_pb_text _builder_version=\u00a0\u00bb4.27.3&Prime; _module_preset=\u00a0\u00bb_initial\u00a0\u00bb text_text_color=\u00a0\u00bb#FFFFFF\u00a0\u00bb link_text_color=\u00a0\u00bb#FFFFFF\u00a0\u00bb custom_margin=\u00a0\u00bb||10px||false|false\u00a0\u00bb global_colors_info=\u00a0\u00bb{}\u00a0\u00bb]<p><a href=\"https:\/\/asc-languages.ch\/languages-courses-at-asc\/?_type_de_cours=exam-preparation\">Pr\u00e9paration aux examens<\/a><\/p>[\/et_pb_text][et_pb_text _builder_version=\u00a0\u00bb4.27.3&Prime; _module_preset=\u00a0\u00bb_initial\u00a0\u00bb text_text_color=\u00a0\u00bb#FFFFFF\u00a0\u00bb link_text_color=\u00a0\u00bb#FFFFFF\u00a0\u00bb custom_margin=\u00a0\u00bb||10px||false|false\u00a0\u00bb global_colors_info=\u00a0\u00bb{}\u00a0\u00bb]<p><a href=\"https:\/\/asc-languages.ch\/languages-courses-at-asc\/?_type_de_cours=professionnel\">Cours de langues cibl\u00e9s business<\/a><\/p>[\/et_pb_text][et_pb_text _builder_version=\u00a0\u00bb4.27.4&Prime; _module_preset=\u00a0\u00bb_initial\u00a0\u00bb text_font=\u00a0\u00bbSource Sans Pro|600|||||||\u00a0\u00bb text_text_color=\u00a0\u00bb#FFFFFF\u00a0\u00bb text_font_size=\u00a0\u00bb20px\u00a0\u00bb text_line_height=\u00a0\u00bb1.9em\u00a0\u00bb header_4_text_color=\u00a0\u00bb#FFFFFF\u00a0\u00bb custom_margin=\u00a0\u00bb||6px|||\u00a0\u00bb custom_padding=\u00a0\u00bb20px||||false|false\u00a0\u00bb border_color_all=\u00a0\u00bbrgba(255,255,255,0.2)\u00a0\u00bb border_width_top=\u00a0\u00bb1px\u00a0\u00bb locked=\u00a0\u00bboff\u00a0\u00bb global_colors_info=\u00a0\u00bb{}\u00a0\u00bb]<p>Politique d&rsquo;entreprise<\/p>[\/et_pb_text][et_pb_text _builder_version=\u00a0\u00bb4.24.2&Prime; _module_preset=\u00a0\u00bb_initial\u00a0\u00bb text_text_color=\u00a0\u00bb#FFFFFF\u00a0\u00bb link_text_color=\u00a0\u00bb#FFFFFF\u00a0\u00bb custom_margin=\u00a0\u00bb||10px||false|false\u00a0\u00bb locked=\u00a0\u00bboff\u00a0\u00bb global_colors_info=\u00a0\u00bb{}\u00a0\u00bb]<p>LPD<\/p>[\/et_pb_text][et_pb_text _builder_version=\u00a0\u00bb4.27.4&Prime; _module_preset=\u00a0\u00bb_initial\u00a0\u00bb text_text_color=\u00a0\u00bb#FFFFFF\u00a0\u00bb link_text_color=\u00a0\u00bb#FFFFFF\u00a0\u00bb custom_margin=\u00a0\u00bb||10px||false|false\u00a0\u00bb locked=\u00a0\u00bboff\u00a0\u00bb global_colors_info=\u00a0\u00bb{}\u00a0\u00bb]<p><a href=\"https:\/\/asc-languages.ch\/politique-de-confidentialite\/\">Politique de confidentialit\u00e9<\/a><\/p>[\/et_pb_text][et_pb_text _builder_version=\u00a0\u00bb4.27.4&Prime; _module_preset=\u00a0\u00bb_initial\u00a0\u00bb text_text_color=\u00a0\u00bb#FFFFFF\u00a0\u00bb link_text_color=\u00a0\u00bb#FFFFFF\u00a0\u00bb custom_margin=\u00a0\u00bb||10px||false|false\u00a0\u00bb locked=\u00a0\u00bboff\u00a0\u00bb global_colors_info=\u00a0\u00bb{}\u00a0\u00bb]<p><a href=\"#\">Politique des cookies<\/a><\/p>[\/et_pb_text][et_pb_text _builder_version=\u00a0\u00bb4.27.4&Prime; _module_preset=\u00a0\u00bb_initial\u00a0\u00bb text_text_color=\u00a0\u00bb#FFFFFF\u00a0\u00bb link_text_color=\u00a0\u00bb#FFFFFF\u00a0\u00bb custom_margin=\u00a0\u00bb||10px||false|false\u00a0\u00bb locked=\u00a0\u00bboff\u00a0\u00bb global_colors_info=\u00a0\u00bb{}\u00a0\u00bb]<p><a href=\"https:\/\/asc-languages.ch\/wp-content\/uploads\/2025\/01\/Conditions-generales-ASC.pdf\">Conditions g\u00e9n\u00e9rales<\/a><\/p>[\/et_pb_text][et_pb_text _builder_version=\u00a0\u00bb4.27.4&Prime; _module_preset=\u00a0\u00bb_initial\u00a0\u00bb text_text_color=\u00a0\u00bb#FFFFFF\u00a0\u00bb link_text_color=\u00a0\u00bb#FFFFFF\u00a0\u00bb custom_margin=\u00a0\u00bb||10px||false|false\u00a0\u00bb locked=\u00a0\u00bboff\u00a0\u00bb global_colors_info=\u00a0\u00bb{}\u00a0\u00bb]<p><a href=\"https:\/\/asc-languages.ch\/wp-content\/uploads\/2025\/01\/Mentions-legales-ASC-Languages-SA.pdf\">Mentions l\u00e9gales<\/a><\/p>[\/et_pb_text][\/et_pb_column][\/et_pb_row][\/et_pb_section]\n","protected":false},"excerpt":{"rendered":"<p>The Annual Training Cheque (CAF) is an opportunity to finance your language courses at ASC Languages. CAF Geneva offers financial assistance to those seeking to develop professional skills.<\/p>","protected":false},"author":8,"featured_media":0,"parent":0,"menu_order":0,"comment_status":"closed","ping_status":"closed","template":"","meta":{"_et_pb_use_builder":"on","_et_pb_old_content":"","_et_gb_content_width":"","footnotes":""},"class_list":["post-987510454","page","type-page","status-publish","hentry"],"_links":{"self":[{"href":"https:\/\/asc-languages.ch\/en\/wp-json\/wp\/v2\/pages\/987510454","targetHints":{"allow":["GET"]}}],"collection":[{"href":"https:\/\/asc-languages.ch\/en\/wp-json\/wp\/v2\/pages"}],"about":[{"href":"https:\/\/asc-languages.ch\/en\/wp-json\/wp\/v2\/types\/page"}],"author":[{"embeddable":true,"href":"https:\/\/asc-languages.ch\/en\/wp-json\/wp\/v2\/users\/8"}],"replies":[{"embeddable":true,"href":"https:\/\/asc-languages.ch\/en\/wp-json\/wp\/v2\/comments?post=987510454"}],"version-history":[{"count":0,"href":"https:\/\/asc-languages.ch\/en\/wp-json\/wp\/v2\/pages\/987510454\/revisions"}],"wp:attachment":[{"href":"https:\/\/asc-languages.ch\/en\/wp-json\/wp\/v2\/media?parent=987510454"}],"curies":[{"name":"wp","href":"https:\/\/api.w.org\/{rel}","templated":true}]}}